{"id":1207,"date":"2023-04-28T20:51:07","date_gmt":"2023-04-28T20:51:07","guid":{"rendered":"https:\/\/susanacaravaca.com\/?page_id=1207"},"modified":"2024-07-09T08:06:27","modified_gmt":"2024-07-09T08:06:27","slug":"curso-halloween-maquillaje","status":"publish","type":"page","link":"https:\/\/susanacaravaca.com\/?page_id=1207","title":{"rendered":"CURSO HALLOWEEN MAQUILLAJE"},"content":{"rendered":"<figure class=\"wp-block-image size-large\"><a href=\"https:\/\/susanacaravaca.com\/wp-content\/uploads\/2023\/01\/portada-web-HALLOWEEN-11.jpg\"><img loading=\"lazy\" class=\"wp-image-1528\" src=\".\/CURSO HALLOWEEN MAQUILLAJE _ Susana Caravaca _ Escuela de Maquillaje, Est\u00e9tica y Peluquer\u00eda_files\/portada-web-HALLOWEEN-11-1200x377.jpg\" sizes=\"(max-width: 1200px) 100vw, 1200px\" srcset=\"https:\/\/susanacaravaca.com\/wp-content\/uploads\/2023\/01\/portada-web-HALLOWEEN-11-1200x377.jpg 1200w, https:\/\/susanacaravaca.com\/wp-content\/uploads\/2023\/01\/portada-web-HALLOWEEN-11-800x252.jpg 800w, https:\/\/susanacaravaca.com\/wp-content\/uploads\/2023\/01\/portada-web-HALLOWEEN-11-768x242.jpg 768w, https:\/\/susanacaravaca.com\/wp-content\/uploads\/2023\/01\/portada-web-HALLOWEEN-11-1536x483.jpg 1536w, https:\/\/susanacaravaca.com\/wp-content\/uploads\/2023\/01\/portada-web-HALLOWEEN-11-250x79.jpg 250w, https:\/\/susanacaravaca.com\/wp-content\/uploads\/2023\/01\/portada-web-HALLOWEEN-11-430x135.jpg 430w\" alt=\"\" width=\"1200\" height=\"377\"><\/a><\/figure>\n<p style=\"padding-left: 40px; text-align: left;\"><strong>A QUI\u00c9N VA DIRIGIDO:<\/strong><\/p>\n<p style=\"padding-left: 40px; text-align: left;\">A toda persona que quiera aprender las t\u00e9cnicas de maquillaje con efectos especiales.<\/p>\n<p style=\"padding-left: 40px; text-align: left;\">No es necesario tener formaci\u00f3n previa.<!--more--><\/p>\n<p style=\"padding-left: 40px; text-align: left;\"><strong>PROGRAMA:<\/strong><\/p>\n<p style=\"padding-left: 40px; text-align: left;\">Teor\u00eda y dise\u00f1o de un maquillaje para Halloween. Utilizaci\u00f3n de pr\u00f3tesis, cosido, heridas, cicatrices, etc.<\/p>\n<p style=\"padding-left: 40px; text-align: left;\">Taller con profesora y explicaci\u00f3n del personaje, desarrollo aplicando las t\u00e9cnicas estudiadas.<\/p>\n<figure class=\"wp-block-gallery columns-3 is-cropped\">\n<ul class=\"blocks-gallery-grid\">\n<li class=\"blocks-gallery-item\">\n<figure><a href=\".\/CURSO HALLOWEEN MAQUILLAJE _ Susana Caravaca _ Escuela de Maquillaje, Est\u00e9tica y Peluquer\u00eda_files\/H2.jpg\"><img loading=\"lazy\" class=\"wp-image-1526\" src=\".\/CURSO HALLOWEEN MAQUILLAJE _ Susana Caravaca _ Escuela de Maquillaje, Est\u00e9tica y Peluquer\u00eda_files\/H2.jpg\" sizes=\"(max-width: 945px) 100vw, 945px\" srcset=\"https:\/\/susanacaravaca.com\/wp-content\/uploads\/2023\/01\/H2.jpg 945w, https:\/\/susanacaravaca.com\/wp-content\/uploads\/2023\/01\/H2-800x800.jpg 800w, https:\/\/susanacaravaca.com\/wp-content\/uploads\/2023\/01\/H2-300x300.jpg 300w, https:\/\/susanacaravaca.com\/wp-content\/uploads\/2023\/01\/H2-768x768.jpg 768w, https:\/\/susanacaravaca.com\/wp-content\/uploads\/2023\/01\/H2-150x150.jpg 150w, https:\/\/susanacaravaca.com\/wp-content\/uploads\/2023\/01\/H2-250x250.jpg 250w, https:\/\/susanacaravaca.com\/wp-content\/uploads\/2023\/01\/H2-430x430.jpg 430w\" alt=\"\" width=\"945\" height=\"945\" data-id=\"1526\" data-link=\"https:\/\/susanacaravaca.com\/?attachment_id=1526\"><\/a><\/figure>\n<\/li>\n<li class=\"blocks-gallery-item\">\n<figure><a href=\".\/CURSO HALLOWEEN MAQUILLAJE _ Susana Caravaca _ Escuela de Maquillaje, Est\u00e9tica y Peluquer\u00eda_files\/h3.jpg\"><img loading=\"lazy\" class=\"wp-image-1525\" src=\".\/CURSO HALLOWEEN MAQUILLAJE _ Susana Caravaca _ Escuela de Maquillaje, Est\u00e9tica y Peluquer\u00eda_files\/h3.jpg\" sizes=\"(max-width: 945px) 100vw, 945px\" srcset=\"https:\/\/susanacaravaca.com\/wp-content\/uploads\/2023\/01\/h3.jpg 945w, https:\/\/susanacaravaca.com\/wp-content\/uploads\/2023\/01\/h3-800x800.jpg 800w, https:\/\/susanacaravaca.com\/wp-content\/uploads\/2023\/01\/h3-300x300.jpg 300w, https:\/\/susanacaravaca.com\/wp-content\/uploads\/2023\/01\/h3-768x768.jpg 768w, https:\/\/susanacaravaca.com\/wp-content\/uploads\/2023\/01\/h3-150x150.jpg 150w, https:\/\/susanacaravaca.com\/wp-content\/uploads\/2023\/01\/h3-250x250.jpg 250w, https:\/\/susanacaravaca.com\/wp-content\/uploads\/2023\/01\/h3-430x430.jpg 430w\" alt=\"\" width=\"945\" height=\"945\" data-id=\"1525\" data-link=\"https:\/\/susanacaravaca.com\/?attachment_id=1525\"><\/a><\/figure>\n<\/li>\n<li class=\"blocks-gallery-item\">\n<figure><a href=\".\/CURSO HALLOWEEN MAQUILLAJE _ Susana Caravaca _ Escuela de Maquillaje, Est\u00e9tica y Peluquer\u00eda_files\/H-1.jpg\"><img loading=\"lazy\" class=\"wp-image-1527\" src=\".\/CURSO HALLOWEEN MAQUILLAJE _ Susana Caravaca _ Escuela de Maquillaje, Est\u00e9tica y Peluquer\u00eda_files\/H-1.jpg\" sizes=\"(max-width: 945px) 100vw, 945px\" srcset=\"https:\/\/susanacaravaca.com\/wp-content\/uploads\/2023\/01\/H-1.jpg 945w, https:\/\/susanacaravaca.com\/wp-content\/uploads\/2023\/01\/H-1-800x800.jpg 800w, https:\/\/susanacaravaca.com\/wp-content\/uploads\/2023\/01\/H-1-300x300.jpg 300w, https:\/\/susanacaravaca.com\/wp-content\/uploads\/2023\/01\/H-1-768x768.jpg 768w, https:\/\/susanacaravaca.com\/wp-content\/uploads\/2023\/01\/H-1-150x150.jpg 150w, https:\/\/susanacaravaca.com\/wp-content\/uploads\/2023\/01\/H-1-250x250.jpg 250w, https:\/\/susanacaravaca.com\/wp-content\/uploads\/2023\/01\/H-1-430x430.jpg 430w\" alt=\"\" width=\"945\" height=\"945\" data-id=\"1527\" data-full-url=\"https:\/\/susanacaravaca.com\/wp-content\/uploads\/2023\/01\/H-1.jpg\" data-link=\"https:\/\/susanacaravaca.com\/?attachment_id=1527\"><\/a><\/figure>\n<\/li>\n<\/ul>\n<\/figure>\n<hr class=\"wp-block-separator is-style-wide\">\n<h2 class=\"has-text-align-left\"><span class=\"has-inline-color has-vivid-purple-color\">\u00a1TE LLAMAMOS! SOLICITA INFO<\/span><\/h2>\n<div role=\"form\" class=\"wpcf7\" id=\"wpcf7-f9-o1\" lang=\"es-ES\" dir=\"ltr\">\n<div class=\"screen-reader-response\"><p role=\"status\" aria-live=\"polite\" aria-atomic=\"true\"><\/p> <ul><\/ul><\/div>\n<form action=\"\/index.php?rest_route=%2Fwp%2Fv2%2Fpages%2F1207#wpcf7-f9-o1\" method=\"post\" class=\"wpcf7-form init\" novalidate=\"novalidate\" data-status=\"init\">\n<div style=\"display: none;\">\n<input type=\"hidden\" name=\"_wpcf7\" value=\"9\" \/>\n<input type=\"hidden\" name=\"_wpcf7_version\" value=\"5.5.1\" \/>\n<input type=\"hidden\" name=\"_wpcf7_locale\" value=\"es_ES\" \/>\n<input type=\"hidden\" name=\"_wpcf7_unit_tag\" value=\"wpcf7-f9-o1\" \/>\n<input type=\"hidden\" name=\"_wpcf7_container_post\" value=\"0\" \/>\n<input type=\"hidden\" name=\"_wpcf7_posted_data_hash\" value=\"\" \/>\n<\/div>\n<style>\n.formulario tr td {\n vertical-align:top;\nborder-width:0px 0px 0px !important;\ncolor:#644F98;\npadding-bottom:0px;\npadding-top:0px\n}<\/p>\n<\/style>\n<table class=\"formulario\">\n<tr>\n<td>NOMBRE*<\/td>\n<td>ASUNTO*<\/td>\n<\/tr>\n<tr>\n<td><span class=\"wpcf7-form-control-wrap your-name\"><input type=\"text\" name=\"your-name\" value=\"\" size=\"40\" class=\"wpcf7-form-control wpcf7-text wpcf7-validates-as-required\" aria-required=\"true\" aria-invalid=\"false\" \/><\/span><\/td>\n<td><span class=\"wpcf7-form-control-wrap your-subject\"><input type=\"text\" name=\"your-subject\" value=\"\" size=\"40\" class=\"wpcf7-form-control wpcf7-text wpcf7-validates-as-required\" aria-required=\"true\" aria-invalid=\"false\" \/><\/span><\/td>\n<\/tr>\n<tr>\n<td>EMAIL*<\/td>\n<td>MENSAJE*<\/td>\n<\/tr>\n<tr>\n<td><span class=\"wpcf7-form-control-wrap your-email\"><input type=\"email\" name=\"your-email\" value=\"\" size=\"40\" class=\"wpcf7-form-control wpcf7-text wpcf7-email wpcf7-validates-as-required wpcf7-validates-as-email\" aria-required=\"true\" aria-invalid=\"false\" \/><\/span><\/td>\n<td rowspan=\"3\"><span class=\"wpcf7-form-control-wrap your-message\"><textarea name=\"your-message\" cols=\"40\" rows=\"10\" class=\"wpcf7-form-control wpcf7-textarea wpcf7-validates-as-required\" aria-required=\"true\" aria-invalid=\"false\"><\/textarea><\/span><\/td>\n<\/tr>\n<tr>\n<td>TELEFONO*<\/td>\n<\/tr>\n<tr>\n<td><span class=\"wpcf7-form-control-wrap your-telephone\"><input type=\"tel\" name=\"your-telephone\" value=\"\" size=\"40\" class=\"wpcf7-form-control wpcf7-text wpcf7-tel wpcf7-validates-as-required wpcf7-validates-as-tel\" aria-required=\"true\" aria-invalid=\"false\" \/><\/span><\/td>\n<\/tr>\n<tr>\n<td><\/td>\n<td style=\"padding-top:5px\"><input type=\"submit\" value=\"ENVIAR\" class=\"wpcf7-form-control has-spinner wpcf7-submit\" \/><\/td>\n<\/tr>\n<\/table>\n<div class=\"wpcf7-response-output\" aria-hidden=\"true\"><\/div><\/form><\/div>\n<hr class=\"wp-block-separator is-style-wide\">\n<div class=\"wp-block-columns\">&nbsp;<\/div>\n<hr class=\"wp-block-separator is-style-wide\">\n<div class=\"wp-block-columns\">\n<div class=\"wp-block-column\" style=\"flex-basis: 100%;\">\n<div class=\"wp-block-group alignfull eplus-eKmBFP\">\n<div class=\"wp-block-group__inner-container\">\n<div class=\"wp-block-columns eplus-eKRk5r\">\n<div class=\"wp-block-column is-vertically-aligned-center eplus-OYwhRQ\" style=\"flex-basis: 30%;\">\n<h2 class=\"eplus-Ir6zG4\"><strong> <em><span class=\"has-inline-color has-vivid-purple-color\"> <strong>\u00a1\u00a1NOVEDAD!!<\/strong><\/span><\/em> PASO A PASO DE UN PERSONAJE <\/strong><\/h2>\n<p class=\"eplus-coBBU3\">T<em>rae el personaje que quieres hacerte este Halloween y te formamos para hacerlo t\u00fa mismo con todos los materiales que necesites y el paso a paso.<\/em><\/p>\n<\/div>\n<div class=\"wp-block-column is-vertically-aligned-center eplus-JCjdfn\">\n<figure class=\"wp-block-gallery columns-3 is-cropped eplus-mHA4g8\">\n<ul class=\"blocks-gallery-grid\">\n<li class=\"blocks-gallery-item\">\n<figure><img loading=\"lazy\" class=\"wp-image-1532\" src=\".\/CURSO HALLOWEEN MAQUILLAJE _ Susana Caravaca _ Escuela de Maquillaje, Est\u00e9tica y Peluquer\u00eda_files\/IMG20220430130112-1200x1600.jpg\" sizes=\"(max-width: 1200px) 100vw, 1200px\" srcset=\"https:\/\/susanacaravaca.com\/wp-content\/uploads\/2023\/01\/IMG20220430130112-1200x1600.jpg 1200w, https:\/\/susanacaravaca.com\/wp-content\/uploads\/2023\/01\/IMG20220430130112-800x1067.jpg 800w, https:\/\/susanacaravaca.com\/wp-content\/uploads\/2023\/01\/IMG20220430130112-768x1024.jpg 768w, https:\/\/susanacaravaca.com\/wp-content\/uploads\/2023\/01\/IMG20220430130112-1152x1536.jpg 1152w, https:\/\/susanacaravaca.com\/wp-content\/uploads\/2023\/01\/IMG20220430130112-1536x2048.jpg 1536w, https:\/\/susanacaravaca.com\/wp-content\/uploads\/2023\/01\/IMG20220430130112-250x333.jpg 250w, https:\/\/susanacaravaca.com\/wp-content\/uploads\/2023\/01\/IMG20220430130112-430x573.jpg 430w, https:\/\/susanacaravaca.com\/wp-content\/uploads\/2023\/01\/IMG20220430130112-1500x2000.jpg 1500w\" alt=\"\" width=\"1200\" height=\"1600\" data-id=\"1532\" data-full-url=\"https:\/\/susanacaravaca.com\/wp-content\/uploads\/2023\/01\/IMG20220430130112-scaled.jpg\" data-link=\"https:\/\/susanacaravaca.com\/?attachment_id=1532\"><\/figure>\n<\/li>\n<li class=\"blocks-gallery-item\">\n<figure><img loading=\"lazy\" class=\"wp-image-1530\" src=\".\/CURSO HALLOWEEN MAQUILLAJE _ Susana Caravaca _ Escuela de Maquillaje, Est\u00e9tica y Peluquer\u00eda_files\/Halloween-Susana-1.jpg\" sizes=\"(max-width: 906px) 100vw, 906px\" srcset=\"https:\/\/susanacaravaca.com\/wp-content\/uploads\/2023\/01\/Halloween-Susana-1.jpg 906w, https:\/\/susanacaravaca.com\/wp-content\/uploads\/2023\/01\/Halloween-Susana-1-800x1130.jpg 800w, https:\/\/susanacaravaca.com\/wp-content\/uploads\/2023\/01\/Halloween-Susana-1-768x1085.jpg 768w, https:\/\/susanacaravaca.com\/wp-content\/uploads\/2023\/01\/Halloween-Susana-1-250x353.jpg 250w, https:\/\/susanacaravaca.com\/wp-content\/uploads\/2023\/01\/Halloween-Susana-1-430x608.jpg 430w\" alt=\"\" width=\"906\" height=\"1280\" data-id=\"1530\" data-full-url=\"https:\/\/susanacaravaca.com\/wp-content\/uploads\/2023\/01\/Halloween-Susana-1.jpg\" data-link=\"https:\/\/susanacaravaca.com\/?attachment_id=1530\"><\/figure>\n<\/li>\n<li class=\"blocks-gallery-item\">\n<figure><img loading=\"lazy\" class=\"wp-image-1531\" src=\".\/CURSO HALLOWEEN MAQUILLAJE _ Susana Caravaca _ Escuela de Maquillaje, Est\u00e9tica y Peluquer\u00eda_files\/IMG20220430102211-1200x1600.jpg\" sizes=\"(max-width: 1200px) 100vw, 1200px\" srcset=\"https:\/\/susanacaravaca.com\/wp-content\/uploads\/2023\/01\/IMG20220430102211-1200x1600.jpg 1200w, https:\/\/susanacaravaca.com\/wp-content\/uploads\/2023\/01\/IMG20220430102211-800x1067.jpg 800w, https:\/\/susanacaravaca.com\/wp-content\/uploads\/2023\/01\/IMG20220430102211-768x1024.jpg 768w, https:\/\/susanacaravaca.com\/wp-content\/uploads\/2023\/01\/IMG20220430102211-1152x1536.jpg 1152w, https:\/\/susanacaravaca.com\/wp-content\/uploads\/2023\/01\/IMG20220430102211-1536x2048.jpg 1536w, https:\/\/susanacaravaca.com\/wp-content\/uploads\/2023\/01\/IMG20220430102211-250x333.jpg 250w, https:\/\/susanacaravaca.com\/wp-content\/uploads\/2023\/01\/IMG20220430102211-430x573.jpg 430w, https:\/\/susanacaravaca.com\/wp-content\/uploads\/2023\/01\/IMG20220430102211-1500x2000.jpg 1500w\" alt=\"\" width=\"1200\" height=\"1600\" data-id=\"1531\" data-full-url=\"https:\/\/susanacaravaca.com\/wp-content\/uploads\/2023\/01\/IMG20220430102211-scaled.jpg\" data-link=\"https:\/\/susanacaravaca.com\/?attachment_id=1531\"><\/figure>\n<\/li>\n<\/ul>\n<\/figure>\n<\/div>\n<\/div>\n<\/div>\n<\/div>\n<hr class=\"wp-block-separator is-style-wide\">\n<h1>CURSO HALLOWEEN MAQUILLAJE<\/h1>\n<ul>\n<li><strong>DURACI\u00d3N<\/strong>: 2 d\u00edas<\/li>\n<li><strong>FECHA<\/strong>:&nbsp; &nbsp;por concretar<\/li>\n<li><strong>HORARIO<\/strong>: de 16 a 20 h.<\/li>\n<li><strong>D\u00cdAS<\/strong>: martes&nbsp;<\/li>\n<li><strong>PRECIO<\/strong>: 150 \u20ac<\/li>\n<\/ul>\n<div class=\"wp-block-group\">\n<div class=\"wp-block-group__inner-container\">\n<div class=\"wp-block-columns\">\n<div class=\"wp-block-column\" style=\"flex-basis: 100%;\">\n<hr class=\"wp-block-separator is-style-wide\">\n<p>El equipo docente de la escuela, liderado por <strong><span class=\"has-inline-color has-vivid-purple-color\">Susana Caravaca<\/span><\/strong>, directora de la escuela y adem\u00e1s formadora en los institutos profesionales de la regi\u00f3n, engloba toda la formaci\u00f3n en <strong>terapias alternativas, est\u00e9tica y maquillaje.<\/strong><\/p>\n<div class=\"wp-block-columns\">\n<div class=\"wp-block-column\" style=\"flex-basis: 100%;\">&nbsp;<\/div>\n<\/div>\n<\/div>\n<\/div>\n<\/div>\n<\/div>\n<\/div>\n<\/div>\n<hr class=\"wp-block-separator is-style-wide\">\n<p><!-- PAGE CONTENT : end --><\/p>\n<p><!-- CORE : end --><\/p>\n<p><!-- FOOTER : begin --><\/p>\n<footer id=\"footer\">\n<div class=\"container\">\n<p><!-- FOOTER BOTTOM : begin --><\/p>\n<div class=\"footer-bottom\">\n<p><!-- FOOTER TEXT : begin --><\/p>\n<div class=\"footer-text\">\n<p>&nbsp;<\/p>\n<div id=\"dc_vk_code\" style=\"display: none;\">&nbsp;<\/div>\n<\/div>\n<p><!-- FOOTER TEXT : end --><\/p>\n<\/div>\n<p><!-- FOOTER BOTTOM : end --><\/p>\n<\/div>\n<\/footer>\n","protected":false},"excerpt":{"rendered":"<p>A QUI\u00c9N VA DIRIGIDO: A toda persona que quiera aprender las t\u00e9cnicas de maquillaje con efectos especiales. No es necesario tener formaci\u00f3n previa.<\/p>\n","protected":false},"author":2,"featured_media":0,"parent":0,"menu_order":0,"comment_status":"closed","ping_status":"closed","template":"","meta":{"ngg_post_thumbnail":0},"_links":{"self":[{"href":"https:\/\/susanacaravaca.com\/index.php?rest_route=\/wp\/v2\/pages\/1207"}],"collection":[{"href":"https:\/\/susanacaravaca.com\/index.php?rest_route=\/wp\/v2\/pages"}],"about":[{"href":"https:\/\/susanacaravaca.com\/index.php?rest_route=\/wp\/v2\/types\/page"}],"author":[{"embeddable":true,"href":"https:\/\/susanacaravaca.com\/index.php?rest_route=\/wp\/v2\/users\/2"}],"replies":[{"embeddable":true,"href":"https:\/\/susanacaravaca.com\/index.php?rest_route=%2Fwp%2Fv2%2Fcomments&post=1207"}],"version-history":[{"count":9,"href":"https:\/\/susanacaravaca.com\/index.php?rest_route=\/wp\/v2\/pages\/1207\/revisions"}],"predecessor-version":[{"id":1493,"href":"https:\/\/susanacaravaca.com\/index.php?rest_route=\/wp\/v2\/pages\/1207\/revisions\/1493"}],"wp:attachment":[{"href":"https:\/\/susanacaravaca.com\/index.php?rest_route=%2Fwp%2Fv2%2Fmedia&parent=1207"}],"curies":[{"name":"wp","href":"https:\/\/api.w.org\/{rel}","templated":true}]}}